{"id":12,"date":"2024-10-30T16:57:13","date_gmt":"2024-10-30T15:57:13","guid":{"rendered":"https:\/\/automobilesdesardennes.be\/?page_id=12"},"modified":"2026-03-11T16:59:40","modified_gmt":"2026-03-11T15:59:40","slug":"atelier-mecanique","status":"publish","type":"page","link":"https:\/\/www.automobilesdesardennes.be\/index.php\/atelier-mecanique\/","title":{"rendered":"Atelier M\u00e9canique"},"content":{"rendered":"\n<div class=\"wp-block-cover\"><img data-recalc-dims=\"1\" loading=\"lazy\" decoding=\"async\" width=\"2560\" height=\"1585\" class=\"wp-block-cover__image-background wp-image-53\" alt=\"\" src=\"https:\/\/i0.wp.com\/automobilesdesardennes.be\/wp-content\/uploads\/2024\/10\/BoschCarService_42-1.jpg-1-scaled.jpg?resize=2560%2C1585&#038;ssl=1\" data-object-fit=\"cover\" srcset=\"https:\/\/i0.wp.com\/www.automobilesdesardennes.be\/wp-content\/uploads\/2024\/10\/BoschCarService_42-1.jpg-1-scaled.jpg?w=2560&amp;ssl=1 2560w, https:\/\/i0.wp.com\/www.automobilesdesardennes.be\/wp-content\/uploads\/2024\/10\/BoschCarService_42-1.jpg-1-scaled.jpg?resize=600%2C371&amp;ssl=1 600w, https:\/\/i0.wp.com\/www.automobilesdesardennes.be\/wp-content\/uploads\/2024\/10\/BoschCarService_42-1.jpg-1-scaled.jpg?resize=300%2C186&amp;ssl=1 300w, https:\/\/i0.wp.com\/www.automobilesdesardennes.be\/wp-content\/uploads\/2024\/10\/BoschCarService_42-1.jpg-1-scaled.jpg?resize=1024%2C634&amp;ssl=1 1024w, https:\/\/i0.wp.com\/www.automobilesdesardennes.be\/wp-content\/uploads\/2024\/10\/BoschCarService_42-1.jpg-1-scaled.jpg?resize=768%2C476&amp;ssl=1 768w, https:\/\/i0.wp.com\/www.automobilesdesardennes.be\/wp-content\/uploads\/2024\/10\/BoschCarService_42-1.jpg-1-scaled.jpg?resize=1536%2C951&amp;ssl=1 1536w, https:\/\/i0.wp.com\/www.automobilesdesardennes.be\/wp-content\/uploads\/2024\/10\/BoschCarService_42-1.jpg-1-scaled.jpg?resize=2048%2C1268&amp;ssl=1 2048w\" sizes=\"auto, (max-width: 1000px) 100vw, 1000px\" \/><span aria-hidden=\"true\" class=\"wp-block-cover__background has-background-dim\" style=\"background-color:#766a60\"><\/span><div class=\"wp-block-cover__inner-container is-layout-constrained wp-block-cover-is-layout-constrained\">\n<div class=\"wp-block-columns is-layout-flex wp-container-core-columns-is-layout-28f84493 wp-block-columns-is-layout-flex\">\n<div class=\"wp-block-column is-vertically-aligned-center is-layout-flow wp-block-column-is-layout-flow\" style=\"flex-basis:33.33%\">\n<figure class=\"wp-block-image aligncenter size-thumbnail\"><img data-recalc-dims=\"1\" loading=\"lazy\" decoding=\"async\" width=\"150\" height=\"150\" src=\"https:\/\/i0.wp.com\/www.automobilesdesardennes.be\/wp-content\/uploads\/2024\/10\/BCS4c_L_2303.jpg?resize=150%2C150&#038;ssl=1\" alt=\"\" class=\"wp-image-119\" srcset=\"https:\/\/i0.wp.com\/www.automobilesdesardennes.be\/wp-content\/uploads\/2024\/10\/BCS4c_L_2303.jpg?resize=150%2C150&amp;ssl=1 150w, https:\/\/i0.wp.com\/www.automobilesdesardennes.be\/wp-content\/uploads\/2024\/10\/BCS4c_L_2303.jpg?resize=300%2C300&amp;ssl=1 300w, https:\/\/i0.wp.com\/www.automobilesdesardennes.be\/wp-content\/uploads\/2024\/10\/BCS4c_L_2303.jpg?resize=100%2C100&amp;ssl=1 100w, https:\/\/i0.wp.com\/www.automobilesdesardennes.be\/wp-content\/uploads\/2024\/10\/BCS4c_L_2303.jpg?resize=600%2C600&amp;ssl=1 600w, https:\/\/i0.wp.com\/www.automobilesdesardennes.be\/wp-content\/uploads\/2024\/10\/BCS4c_L_2303.jpg?w=768&amp;ssl=1 768w\" sizes=\"auto, (max-width: 150px) 100vw, 150px\" \/><\/figure>\n<\/div>\n\n\n\n<div class=\"wp-block-column is-layout-flow wp-block-column-is-layout-flow\" style=\"flex-basis:66.66%\">\n<h1 class=\"wp-block-heading\">R\u00e9paration automobile et entretien de premi\u00e8re qualit\u00e9 chez Bosch Car Service \u00e0 Bi\u00e8vre<\/h1>\n\n\n\n<p>Confiez-nous la r\u00e9paration ou l\u2019entretien de votre voiture et profitez des avantages d\u2019un fournisseur de services de premi\u00e8re qualit\u00e9. Nous poss\u00e9dons l\u2019\u00e9quipement le plus r\u00e9cent, ainsi qu\u2019un personnel hautement qualifi\u00e9. L\u2019int\u00e9grit\u00e9 professionnelle et l\u2019int\u00e9r\u00eat du client sont au c\u0153ur de nos pr\u00e9occupations. Nous n\u2019utilisons que des pi\u00e8ces de rechange de haute qualit\u00e9.<\/p>\n<\/div>\n<\/div>\n\n\n\n<p class=\"has-text-align-center has-large-font-size\">\ud83d\udd27 Nos services m\u00e9caniques<\/p>\n\n\n\n<p>Nous prenons en charge toutes les marques et tous les mod\u00e8les de v\u00e9hicules. Nos prestations incluent :<\/p>\n\n\n\n<ul class=\"wp-block-list\">\n<li><strong>Entretien r\u00e9gulier et r\u00e9vision constructeur<\/strong><\/li>\n\n\n\n<li><strong>Vidange moteur et filtres<\/strong><\/li>\n\n\n\n<li><strong>Freins, suspension et amortisseurs<\/strong><\/li>\n\n\n\n<li><strong>Diagnostic \u00e9lectronique et \u00e9lectronique embarqu\u00e9e<\/strong><\/li>\n\n\n\n<li><strong>Distribution, embrayage et transmission<\/strong><\/li>\n\n\n\n<li><strong>Batterie, alternateur et d\u00e9marreur<\/strong><\/li>\n\n\n\n<li><strong>Pneumatiques et g\u00e9om\u00e9trie<\/strong><\/li>\n\n\n\n<li><strong>Climatisation et contr\u00f4le technique<\/strong><\/li>\n<\/ul>\n\n\n\n<p class=\"has-text-align-center has-large-font-size\">Chaque intervention est r\u00e9alis\u00e9e par une \u00e9quipe exp\u00e9riment\u00e9e, avec des pi\u00e8ces de qualit\u00e9 et des \u00e9quipements modernes pour garantir votre s\u00e9curit\u00e9 et la long\u00e9vit\u00e9 de votre v\u00e9hicule.<\/p>\n<\/div><\/div>\n\n\n\n<div class=\"wp-block-columns are-vertically-aligned-center is-layout-flex wp-container-core-columns-is-layout-28f84493 wp-block-columns-is-layout-flex\">\n<div class=\"wp-block-column is-vertically-aligned-center is-layout-flow wp-block-column-is-layout-flow\" style=\"flex-basis:33.33%\">\n<div class=\"wp-block-jetpack-slideshow aligncenter\" data-autoplay=\"true\" data-delay=\"3\" data-effect=\"fade\"><div class=\"wp-block-jetpack-slideshow_container swiper\"><ul class=\"wp-block-jetpack-slideshow_swiper-wrapper swiper-wrapper\"><li class=\"wp-block-jetpack-slideshow_slide swiper-slide\"><figure><img data-recalc-dims=\"1\" loading=\"lazy\" decoding=\"async\" width=\"300\" height=\"200\" alt=\"\" class=\"wp-block-jetpack-slideshow_image wp-image-48\" data-id=\"48\" src=\"https:\/\/i0.wp.com\/www.automobilesdesardennes.be\/wp-content\/uploads\/2024\/10\/BoschCarService_36.jpg.jpg?resize=300%2C200&#038;ssl=1\" srcset=\"https:\/\/i0.wp.com\/www.automobilesdesardennes.be\/wp-content\/uploads\/2024\/10\/BoschCarService_36.jpg-scaled.jpg?resize=300%2C200&amp;ssl=1 300w, https:\/\/i0.wp.com\/www.automobilesdesardennes.be\/wp-content\/uploads\/2024\/10\/BoschCarService_36.jpg-scaled.jpg?resize=600%2C400&amp;ssl=1 600w, https:\/\/i0.wp.com\/www.automobilesdesardennes.be\/wp-content\/uploads\/2024\/10\/BoschCarService_36.jpg-scaled.jpg?resize=1024%2C683&amp;ssl=1 1024w, https:\/\/i0.wp.com\/www.automobilesdesardennes.be\/wp-content\/uploads\/2024\/10\/BoschCarService_36.jpg-scaled.jpg?resize=768%2C512&amp;ssl=1 768w, https:\/\/i0.wp.com\/www.automobilesdesardennes.be\/wp-content\/uploads\/2024\/10\/BoschCarService_36.jpg-scaled.jpg?resize=1536%2C1024&amp;ssl=1 1536w, https:\/\/i0.wp.com\/www.automobilesdesardennes.be\/wp-content\/uploads\/2024\/10\/BoschCarService_36.jpg-scaled.jpg?resize=2048%2C1365&amp;ssl=1 2048w\" sizes=\"(max-width: 300px) 100vw, 300px\" \/><\/figure><\/li><li class=\"wp-block-jetpack-slideshow_slide swiper-slide\"><figure><img data-recalc-dims=\"1\" loading=\"lazy\" decoding=\"async\" width=\"300\" height=\"200\" alt=\"\" class=\"wp-block-jetpack-slideshow_image wp-image-49\" data-id=\"49\" src=\"https:\/\/i0.wp.com\/www.automobilesdesardennes.be\/wp-content\/uploads\/2024\/10\/BoschCarService_5.jpg.jpg?resize=300%2C200&#038;ssl=1\" srcset=\"https:\/\/i0.wp.com\/www.automobilesdesardennes.be\/wp-content\/uploads\/2024\/10\/BoschCarService_5.jpg-scaled.jpg?resize=300%2C200&amp;ssl=1 300w, https:\/\/i0.wp.com\/www.automobilesdesardennes.be\/wp-content\/uploads\/2024\/10\/BoschCarService_5.jpg-scaled.jpg?resize=600%2C400&amp;ssl=1 600w, https:\/\/i0.wp.com\/www.automobilesdesardennes.be\/wp-content\/uploads\/2024\/10\/BoschCarService_5.jpg-scaled.jpg?resize=1024%2C683&amp;ssl=1 1024w, https:\/\/i0.wp.com\/www.automobilesdesardennes.be\/wp-content\/uploads\/2024\/10\/BoschCarService_5.jpg-scaled.jpg?resize=768%2C512&amp;ssl=1 768w, https:\/\/i0.wp.com\/www.automobilesdesardennes.be\/wp-content\/uploads\/2024\/10\/BoschCarService_5.jpg-scaled.jpg?resize=1536%2C1024&amp;ssl=1 1536w, https:\/\/i0.wp.com\/www.automobilesdesardennes.be\/wp-content\/uploads\/2024\/10\/BoschCarService_5.jpg-scaled.jpg?resize=2048%2C1365&amp;ssl=1 2048w\" sizes=\"(max-width: 300px) 100vw, 300px\" \/><\/figure><\/li><li class=\"wp-block-jetpack-slideshow_slide swiper-slide\"><figure><img data-recalc-dims=\"1\" loading=\"lazy\" decoding=\"async\" width=\"300\" height=\"190\" alt=\"\" class=\"wp-block-jetpack-slideshow_image wp-image-47\" data-id=\"47\" src=\"https:\/\/i0.wp.com\/www.automobilesdesardennes.be\/wp-content\/uploads\/2024\/10\/BoschCarService_7.jpg.jpg?resize=300%2C190&#038;ssl=1\" srcset=\"https:\/\/i0.wp.com\/www.automobilesdesardennes.be\/wp-content\/uploads\/2024\/10\/BoschCarService_7.jpg-scaled.jpg?resize=300%2C190&amp;ssl=1 300w, https:\/\/i0.wp.com\/www.automobilesdesardennes.be\/wp-content\/uploads\/2024\/10\/BoschCarService_7.jpg-scaled.jpg?resize=600%2C381&amp;ssl=1 600w, https:\/\/i0.wp.com\/www.automobilesdesardennes.be\/wp-content\/uploads\/2024\/10\/BoschCarService_7.jpg-scaled.jpg?resize=1024%2C650&amp;ssl=1 1024w, https:\/\/i0.wp.com\/www.automobilesdesardennes.be\/wp-content\/uploads\/2024\/10\/BoschCarService_7.jpg-scaled.jpg?resize=768%2C488&amp;ssl=1 768w, https:\/\/i0.wp.com\/www.automobilesdesardennes.be\/wp-content\/uploads\/2024\/10\/BoschCarService_7.jpg-scaled.jpg?resize=1536%2C975&amp;ssl=1 1536w, https:\/\/i0.wp.com\/www.automobilesdesardennes.be\/wp-content\/uploads\/2024\/10\/BoschCarService_7.jpg-scaled.jpg?resize=2048%2C1300&amp;ssl=1 2048w\" sizes=\"(max-width: 300px) 100vw, 300px\" \/><\/figure><\/li><li class=\"wp-block-jetpack-slideshow_slide swiper-slide\"><figure><img data-recalc-dims=\"1\" loading=\"lazy\" decoding=\"async\" width=\"200\" height=\"300\" alt=\"\" class=\"wp-block-jetpack-slideshow_image wp-image-45\" data-id=\"45\" src=\"https:\/\/i0.wp.com\/www.automobilesdesardennes.be\/wp-content\/uploads\/2024\/10\/BoschCarService_15.jpg.jpg?resize=200%2C300&#038;ssl=1\" srcset=\"https:\/\/i0.wp.com\/www.automobilesdesardennes.be\/wp-content\/uploads\/2024\/10\/BoschCarService_15.jpg-scaled.jpg?resize=200%2C300&amp;ssl=1 200w, https:\/\/i0.wp.com\/www.automobilesdesardennes.be\/wp-content\/uploads\/2024\/10\/BoschCarService_15.jpg-scaled.jpg?resize=600%2C900&amp;ssl=1 600w, https:\/\/i0.wp.com\/www.automobilesdesardennes.be\/wp-content\/uploads\/2024\/10\/BoschCarService_15.jpg-scaled.jpg?resize=683%2C1024&amp;ssl=1 683w, https:\/\/i0.wp.com\/www.automobilesdesardennes.be\/wp-content\/uploads\/2024\/10\/BoschCarService_15.jpg-scaled.jpg?resize=768%2C1152&amp;ssl=1 768w, https:\/\/i0.wp.com\/www.automobilesdesardennes.be\/wp-content\/uploads\/2024\/10\/BoschCarService_15.jpg-scaled.jpg?resize=1024%2C1536&amp;ssl=1 1024w, https:\/\/i0.wp.com\/www.automobilesdesardennes.be\/wp-content\/uploads\/2024\/10\/BoschCarService_15.jpg-scaled.jpg?resize=1365%2C2048&amp;ssl=1 1365w, https:\/\/i0.wp.com\/www.automobilesdesardennes.be\/wp-content\/uploads\/2024\/10\/BoschCarService_15.jpg-scaled.jpg?w=1706&amp;ssl=1 1706w\" sizes=\"(max-width: 200px) 100vw, 200px\" \/><\/figure><\/li><li class=\"wp-block-jetpack-slideshow_slide swiper-slide\"><figure><img data-recalc-dims=\"1\" loading=\"lazy\" decoding=\"async\" width=\"300\" height=\"200\" alt=\"\" class=\"wp-block-jetpack-slideshow_image wp-image-46\" data-id=\"46\" src=\"https:\/\/i0.wp.com\/www.automobilesdesardennes.be\/wp-content\/uploads\/2024\/10\/BoschCarService_8.jpg.jpg?resize=300%2C200&#038;ssl=1\" srcset=\"https:\/\/i0.wp.com\/www.automobilesdesardennes.be\/wp-content\/uploads\/2024\/10\/BoschCarService_8.jpg-scaled.jpg?resize=300%2C200&amp;ssl=1 300w, https:\/\/i0.wp.com\/www.automobilesdesardennes.be\/wp-content\/uploads\/2024\/10\/BoschCarService_8.jpg-scaled.jpg?resize=600%2C400&amp;ssl=1 600w, https:\/\/i0.wp.com\/www.automobilesdesardennes.be\/wp-content\/uploads\/2024\/10\/BoschCarService_8.jpg-scaled.jpg?resize=1024%2C683&amp;ssl=1 1024w, https:\/\/i0.wp.com\/www.automobilesdesardennes.be\/wp-content\/uploads\/2024\/10\/BoschCarService_8.jpg-scaled.jpg?resize=768%2C512&amp;ssl=1 768w, https:\/\/i0.wp.com\/www.automobilesdesardennes.be\/wp-content\/uploads\/2024\/10\/BoschCarService_8.jpg-scaled.jpg?resize=1536%2C1024&amp;ssl=1 1536w, https:\/\/i0.wp.com\/www.automobilesdesardennes.be\/wp-content\/uploads\/2024\/10\/BoschCarService_8.jpg-scaled.jpg?resize=2048%2C1365&amp;ssl=1 2048w\" sizes=\"(max-width: 300px) 100vw, 300px\" \/><\/figure><\/li><li class=\"wp-block-jetpack-slideshow_slide swiper-slide\"><figure><img data-recalc-dims=\"1\" loading=\"lazy\" decoding=\"async\" width=\"300\" height=\"200\" alt=\"\" class=\"wp-block-jetpack-slideshow_image wp-image-43\" data-id=\"43\" src=\"https:\/\/i0.wp.com\/www.automobilesdesardennes.be\/wp-content\/uploads\/2024\/10\/BoschCarService_13.jpg.jpg?resize=300%2C200&#038;ssl=1\" srcset=\"https:\/\/i0.wp.com\/www.automobilesdesardennes.be\/wp-content\/uploads\/2024\/10\/BoschCarService_13.jpg-scaled.jpg?resize=300%2C200&amp;ssl=1 300w, https:\/\/i0.wp.com\/www.automobilesdesardennes.be\/wp-content\/uploads\/2024\/10\/BoschCarService_13.jpg-scaled.jpg?resize=600%2C400&amp;ssl=1 600w, https:\/\/i0.wp.com\/www.automobilesdesardennes.be\/wp-content\/uploads\/2024\/10\/BoschCarService_13.jpg-scaled.jpg?resize=1024%2C683&amp;ssl=1 1024w, https:\/\/i0.wp.com\/www.automobilesdesardennes.be\/wp-content\/uploads\/2024\/10\/BoschCarService_13.jpg-scaled.jpg?resize=768%2C512&amp;ssl=1 768w, https:\/\/i0.wp.com\/www.automobilesdesardennes.be\/wp-content\/uploads\/2024\/10\/BoschCarService_13.jpg-scaled.jpg?resize=1536%2C1024&amp;ssl=1 1536w, https:\/\/i0.wp.com\/www.automobilesdesardennes.be\/wp-content\/uploads\/2024\/10\/BoschCarService_13.jpg-scaled.jpg?resize=2048%2C1365&amp;ssl=1 2048w\" sizes=\"(max-width: 300px) 100vw, 300px\" \/><\/figure><\/li><li class=\"wp-block-jetpack-slideshow_slide swiper-slide\"><figure><img data-recalc-dims=\"1\" loading=\"lazy\" decoding=\"async\" width=\"300\" height=\"186\" alt=\"\" class=\"wp-block-jetpack-slideshow_image wp-image-44\" data-id=\"44\" src=\"https:\/\/i0.wp.com\/www.automobilesdesardennes.be\/wp-content\/uploads\/2024\/10\/BoschCarService_42.jpg.jpg?resize=300%2C186&#038;ssl=1\" srcset=\"https:\/\/i0.wp.com\/www.automobilesdesardennes.be\/wp-content\/uploads\/2024\/10\/BoschCarService_42.jpg-scaled.jpg?resize=300%2C186&amp;ssl=1 300w, https:\/\/i0.wp.com\/www.automobilesdesardennes.be\/wp-content\/uploads\/2024\/10\/BoschCarService_42.jpg-scaled.jpg?resize=600%2C371&amp;ssl=1 600w, https:\/\/i0.wp.com\/www.automobilesdesardennes.be\/wp-content\/uploads\/2024\/10\/BoschCarService_42.jpg-scaled.jpg?resize=1024%2C634&amp;ssl=1 1024w, https:\/\/i0.wp.com\/www.automobilesdesardennes.be\/wp-content\/uploads\/2024\/10\/BoschCarService_42.jpg-scaled.jpg?resize=768%2C476&amp;ssl=1 768w, https:\/\/i0.wp.com\/www.automobilesdesardennes.be\/wp-content\/uploads\/2024\/10\/BoschCarService_42.jpg-scaled.jpg?resize=1536%2C951&amp;ssl=1 1536w, https:\/\/i0.wp.com\/www.automobilesdesardennes.be\/wp-content\/uploads\/2024\/10\/BoschCarService_42.jpg-scaled.jpg?resize=2048%2C1268&amp;ssl=1 2048w\" sizes=\"(max-width: 300px) 100vw, 300px\" \/><\/figure><\/li><li class=\"wp-block-jetpack-slideshow_slide swiper-slide\"><figure><img data-recalc-dims=\"1\" height=\"294\" width=\"300\" decoding=\"async\" alt=\"\" class=\"wp-block-jetpack-slideshow_image wp-image-39\" data-id=\"39\" src=\"https:\/\/i0.wp.com\/www.automobilesdesardennes.be\/wp-content\/uploads\/2024\/10\/BCS-Logo-300x294.jpg?resize=300%2C294&#038;ssl=1\"\/><\/figure><\/li><li class=\"wp-block-jetpack-slideshow_slide swiper-slide\"><figure><img data-recalc-dims=\"1\" loading=\"lazy\" decoding=\"async\" width=\"300\" height=\"193\" alt=\"\" class=\"wp-block-jetpack-slideshow_image wp-image-34\" data-id=\"34\" src=\"https:\/\/i0.wp.com\/www.automobilesdesardennes.be\/wp-content\/uploads\/2024\/10\/BoschCarService_Conduite-electrique-002.jpg.jpg?resize=300%2C193&#038;ssl=1\" srcset=\"https:\/\/i0.wp.com\/www.automobilesdesardennes.be\/wp-content\/uploads\/2024\/10\/BoschCarService_Conduite-electrique-002.jpg-scaled.jpg?resize=300%2C193&amp;ssl=1 300w, https:\/\/i0.wp.com\/www.automobilesdesardennes.be\/wp-content\/uploads\/2024\/10\/BoschCarService_Conduite-electrique-002.jpg-scaled.jpg?resize=600%2C387&amp;ssl=1 600w, https:\/\/i0.wp.com\/www.automobilesdesardennes.be\/wp-content\/uploads\/2024\/10\/BoschCarService_Conduite-electrique-002.jpg-scaled.jpg?resize=1024%2C660&amp;ssl=1 1024w, https:\/\/i0.wp.com\/www.automobilesdesardennes.be\/wp-content\/uploads\/2024\/10\/BoschCarService_Conduite-electrique-002.jpg-scaled.jpg?resize=768%2C495&amp;ssl=1 768w, https:\/\/i0.wp.com\/www.automobilesdesardennes.be\/wp-content\/uploads\/2024\/10\/BoschCarService_Conduite-electrique-002.jpg-scaled.jpg?resize=1536%2C990&amp;ssl=1 1536w, https:\/\/i0.wp.com\/www.automobilesdesardennes.be\/wp-content\/uploads\/2024\/10\/BoschCarService_Conduite-electrique-002.jpg-scaled.jpg?resize=2048%2C1320&amp;ssl=1 2048w\" sizes=\"(max-width: 300px) 100vw, 300px\" \/><\/figure><\/li><\/ul><a class=\"wp-block-jetpack-slideshow_button-prev swiper-button-prev swiper-button-white\" role=\"button\"><\/a><a class=\"wp-block-jetpack-slideshow_button-next swiper-button-next swiper-button-white\" role=\"button\"><\/a><a aria-label=\"Pause Slideshow\" class=\"wp-block-jetpack-slideshow_button-pause\" role=\"button\"><\/a><div class=\"wp-block-jetpack-slideshow_pagination swiper-pagination swiper-pagination-white\"><\/div><\/div><\/div>\n<\/div>\n\n\n\n<div class=\"wp-block-column is-vertically-aligned-center is-layout-flow wp-block-column-is-layout-flow\" style=\"flex-basis:66.66%\">\n<p class=\"has-text-align-center\">Notre engagement : Votre satisfaction est notre r\u00e9f\u00e9rence. Avec l&rsquo;engagement unique de notre service d&rsquo;entretien, nous vous promettons de toujours vous proposer la meilleure solution possible. Chez nous, vous obtenez une qualit\u00e9 excellente et une vaste palette de prestations de service. D\u00e9couvrez notre conception du service : juste, \u00e9conomique, fixe, fiable, personnel et engag\u00e9.<\/p>\n<\/div>\n<\/div>\n\n\n\n<div class=\"wp-block-columns are-vertically-aligned-center is-layout-flex wp-container-core-columns-is-layout-28f84493 wp-block-columns-is-layout-flex\">\n<div class=\"wp-block-column is-vertically-aligned-center is-layout-flow wp-block-column-is-layout-flow\" style=\"flex-basis:33.33%\">\n<figure class=\"wp-block-image aligncenter size-medium\"><img data-recalc-dims=\"1\" loading=\"lazy\" decoding=\"async\" width=\"300\" height=\"200\" src=\"https:\/\/i0.wp.com\/www.automobilesdesardennes.be\/wp-content\/uploads\/2024\/12\/000260436_600x400_c.jpg?resize=300%2C200&#038;ssl=1\" alt=\"\" class=\"wp-image-149\" srcset=\"https:\/\/i0.wp.com\/www.automobilesdesardennes.be\/wp-content\/uploads\/2024\/12\/000260436_600x400_c.jpg?resize=300%2C200&amp;ssl=1 300w, https:\/\/i0.wp.com\/www.automobilesdesardennes.be\/wp-content\/uploads\/2024\/12\/000260436_600x400_c.jpg?w=600&amp;ssl=1 600w\" sizes=\"auto, (max-width: 300px) 100vw, 300px\" \/><\/figure>\n<\/div>\n\n\n\n<div class=\"wp-block-column is-vertically-aligned-center is-layout-flow wp-block-column-is-layout-flow\" style=\"flex-basis:66.66%\">\n<p>\ud83d\udede Pneus \u2013 Garage Automobiles des Ardennes \u00e0 Bi\u00e8vre<br><strong>Large choix de pneus \u00e9t\u00e9, hiver et 4 saisons pour toutes marques de v\u00e9hicules<\/strong><\/p>\n\n\n\n<p>Au <strong>Garage Automobiles des Ardennes<\/strong>, nous vous proposons un <strong>grand choix de pneus<\/strong> pour tous les types de v\u00e9hicules. Que ce soit pour l\u2019\u00e9t\u00e9, l\u2019hiver ou des pneus toutes saisons, nous avons les mod\u00e8les adapt\u00e9s \u00e0 vos besoins et \u00e0 votre s\u00e9curit\u00e9.<\/p>\n\n\n\n<p>\ud83d\udd27 Nos marques de pneus<br>Nous travaillons avec des marques de confiance et reconnues pour leur qualit\u00e9 et leur fiabilit\u00e9 :<br><strong>Michelin, Bridgestone, Continental, Dunlop, Goodyear, Vredestein, Hankook, Yokohama, Firestone, Kleber, Semperit, Barum, Fulda<\/strong> et bien d\u2019autres.<\/p>\n<\/div>\n<\/div>\n\n\n\n<div class=\"wp-block-columns are-vertically-aligned-center is-layout-flex wp-container-core-columns-is-layout-28f84493 wp-block-columns-is-layout-flex\">\n<div class=\"wp-block-column is-vertically-aligned-center is-layout-flow wp-block-column-is-layout-flow\" style=\"flex-basis:33.33%\">\n<figure class=\"wp-block-image aligncenter size-medium\"><img data-recalc-dims=\"1\" loading=\"lazy\" decoding=\"async\" width=\"300\" height=\"223\" src=\"https:\/\/i0.wp.com\/www.automobilesdesardennes.be\/wp-content\/uploads\/2025\/01\/BARDAHL.jpg?resize=300%2C223&#038;ssl=1\" alt=\"\" class=\"wp-image-181\" srcset=\"https:\/\/i0.wp.com\/www.automobilesdesardennes.be\/wp-content\/uploads\/2025\/01\/BARDAHL.jpg?resize=300%2C223&amp;ssl=1 300w, https:\/\/i0.wp.com\/www.automobilesdesardennes.be\/wp-content\/uploads\/2025\/01\/BARDAHL.jpg?w=500&amp;ssl=1 500w\" sizes=\"auto, (max-width: 300px) 100vw, 300px\" \/><\/figure>\n<\/div>\n\n\n\n<div class=\"wp-block-column is-vertically-aligned-center is-layout-flow wp-block-column-is-layout-flow\" style=\"flex-basis:66.66%\">\n<p>Trouvez l&rsquo;additif qui vous convient, depuis 80 ans, Bardahl prend soin de vos moteurs et de vos machines en vous proposant des lubrifiants et des additifs de haute qualit\u00e9.<\/p>\n\n\n\n<p>Le secret de leur succ\u00e8s ? Bardahl am\u00e9liore la performance des m\u00e9caniques, allonge leur dur\u00e9e de vie, et limite les \u00e9missions n\u00e9fastes, ainsi que les d\u00e9chets. En un mot : Bardahl vous fait gagner du temps et de l\u2019argent tout en am\u00e9liorant l\u2019efficacit\u00e9 et le confort d\u2019utilisation de vos moteurs et machines, toujours dans une optique de durabilit\u00e9.<br>Un conseil ou une solution \u00e0 votre probl\u00e8me n&rsquo;h\u00e9sitez pas \u00e0 nous contacter.<\/p>\n<\/div>\n<\/div>\n\n\n\n<div class=\"wp-block-columns are-vertically-aligned-center is-layout-flex wp-container-core-columns-is-layout-28f84493 wp-block-columns-is-layout-flex\">\n<div class=\"wp-block-column is-vertically-aligned-center is-layout-flow wp-block-column-is-layout-flow\" style=\"flex-basis:33.33%\">\n<figure class=\"wp-block-image size-full\"><img data-recalc-dims=\"1\" loading=\"lazy\" decoding=\"async\" width=\"906\" height=\"510\" src=\"https:\/\/i0.wp.com\/www.automobilesdesardennes.be\/wp-content\/uploads\/2025\/10\/Optimal.jpg?resize=906%2C510&#038;ssl=1\" alt=\"\" class=\"wp-image-364\" srcset=\"https:\/\/i0.wp.com\/www.automobilesdesardennes.be\/wp-content\/uploads\/2025\/10\/Optimal.jpg?w=906&amp;ssl=1 906w, https:\/\/i0.wp.com\/www.automobilesdesardennes.be\/wp-content\/uploads\/2025\/10\/Optimal.jpg?resize=300%2C169&amp;ssl=1 300w, https:\/\/i0.wp.com\/www.automobilesdesardennes.be\/wp-content\/uploads\/2025\/10\/Optimal.jpg?resize=768%2C432&amp;ssl=1 768w\" sizes=\"auto, (max-width: 906px) 100vw, 906px\" \/><\/figure>\n<\/div>\n\n\n\n<div class=\"wp-block-column is-vertically-aligned-center is-layout-flow wp-block-column-is-layout-flow\" style=\"flex-basis:66.66%\">\n<p><strong>Ce qui est bon pour votre voiture, n&rsquo;a pas besoin d&rsquo;\u00eatre cher.<\/strong><br>Le choix malin pour ceux qui ne veulent pas faire de compromis sur la qualit\u00e9.<br>Emotive rassemble sous une seule marque fiable un assortiment de grandes marques, vous offrant ainsi un remplacement abordable et complet de la pi\u00e8ce d&rsquo;origine. Gr\u00e2ce \u00e0 cela, EMOTIVE garantit toujours l&rsquo;acc\u00e8s \u00e0 la pi\u00e8ce adapt\u00e9e. Pensez notamment aux pi\u00e8ces de frein, suspension\/amortissement, batterie, huile, et bien plus encore. Les avantages des produits EMOTIVE : prix attractifs, garantie standard de 3 ans, haute qualit\u00e9 \u00e9quivalente aux pi\u00e8ces d&rsquo;origine, conformes \u00e0 toutes les exigences des constructeurs automobiles.<\/p>\n<\/div>\n<\/div>\n\n\n\n<p><\/p>\n","protected":false},"excerpt":{"rendered":"<p>Notre engagement : Votre satisfaction est notre r\u00e9f\u00e9rence. Avec l&rsquo;engagement unique de notre service d&rsquo;entretien, [&hellip;]<\/p>\n","protected":false},"author":1,"featured_media":0,"parent":0,"menu_order":0,"comment_status":"closed","ping_status":"closed","template":"","meta":{"footnotes":""},"class_list":["post-12","page","type-page","status-publish","hentry"],"jetpack_sharing_enabled":true,"_links":{"self":[{"href":"https:\/\/www.automobilesdesardennes.be\/index.php\/wp-json\/wp\/v2\/pages\/12","targetHints":{"allow":["GET"]}}],"collection":[{"href":"https:\/\/www.automobilesdesardennes.be\/index.php\/wp-json\/wp\/v2\/pages"}],"about":[{"href":"https:\/\/www.automobilesdesardennes.be\/index.php\/wp-json\/wp\/v2\/types\/page"}],"author":[{"embeddable":true,"href":"https:\/\/www.automobilesdesardennes.be\/index.php\/wp-json\/wp\/v2\/users\/1"}],"replies":[{"embeddable":true,"href":"https:\/\/www.automobilesdesardennes.be\/index.php\/wp-json\/wp\/v2\/comments?post=12"}],"version-history":[{"count":18,"href":"https:\/\/www.automobilesdesardennes.be\/index.php\/wp-json\/wp\/v2\/pages\/12\/revisions"}],"predecessor-version":[{"id":455,"href":"https:\/\/www.automobilesdesardennes.be\/index.php\/wp-json\/wp\/v2\/pages\/12\/revisions\/455"}],"wp:attachment":[{"href":"https:\/\/www.automobilesdesardennes.be\/index.php\/wp-json\/wp\/v2\/media?parent=12"}],"curies":[{"name":"wp","href":"https:\/\/api.w.org\/{rel}","templated":true}]}}