{"id":2,"date":"2024-10-27T21:57:51","date_gmt":"2024-10-27T20:57:51","guid":{"rendered":"https:\/\/automobilesdesardennes.be\/?page_id=2"},"modified":"2026-04-20T15:45:12","modified_gmt":"2026-04-20T13:45:12","slug":"page-d-exemple","status":"publish","type":"page","link":"https:\/\/www.automobilesdesardennes.be\/","title":{"rendered":"Accueil"},"content":{"rendered":"\n<h2 class=\"wp-block-heading has-text-align-center\">AUTOMOBILES DES ARDENNES \u2013 Votre sp\u00e9cialiste automobile \u00e0 Bi\u00e8vre depuis 1947<\/h2>\n\n\n\n<p class=\"has-text-align-center\">Depuis quatre g\u00e9n\u00e9rations, la famille Crucifix met son exp\u00e9rience et sa passion de l\u2019automobile au service de votre v\u00e9hicule. Situ\u00e9 au c\u0153ur de la r\u00e9gion de Bi\u00e8vre, notre garage vous accompagne pour l\u2019entretien, la r\u00e9paration et l\u2019achat de votre voiture.<br>Distributeur de la marque Citro\u00ebn depuis 1947 et plus r\u00e9cemment de la marque Peugeot, nous proposons un service complet pour votre v\u00e9hicule, qu\u2019il soit neuf ou d\u2019occasion.<br>Notre atelier m\u00e9canique multimarques est d\u00e9sormais partenaire Bosch Car Service, un r\u00e9seau reconnu pour son expertise et la qualit\u00e9 de ses interventions. Nous prenons en charge l\u2019entretien, les r\u00e9parations m\u00e9caniques, les diagnostics \u00e9lectroniques, les freins, les pneus, les vidanges et bien plus encore, pour toutes les marques de v\u00e9hicules.<br>Notre carrosserie fait \u00e9galement partie du r\u00e9seau Axial, garantissant des r\u00e9parations de qualit\u00e9 pour tous vos travaux de carrosserie : r\u00e9paration apr\u00e8s accident, peinture, d\u00e9bosselage ou remise en \u00e9tat esth\u00e9tique de votre v\u00e9hicule.<br>Vous recherchez une voiture ? Nous vous proposons \u00e9galement une s\u00e9lection de v\u00e9hicules d\u2019occasion toutes marques, contr\u00f4l\u00e9s et pr\u00e9par\u00e9s avec soin par notre \u00e9quipe.<br>Au garage Automobiles des Ardennes, nous privil\u00e9gions un service de proximit\u00e9, des conseils personnalis\u00e9s et un travail de qualit\u00e9 afin de garantir votre satisfaction et votre s\u00e9curit\u00e9 sur la route.<br>Besoin d\u2019un conseil ou d\u2019un renseignement ?<br>N\u2019h\u00e9sitez pas \u00e0 venir nous rendre visite. Notre \u00e9quipe se fera un plaisir de vous accueillir et de vous accompagner.<\/p>\n\n\n\n<p class=\"has-text-align-center has-extra-large-font-size\">NEWS<\/p>\n\n\n\n<div class=\"wp-block-group is-layout-constrained wp-block-group-is-layout-constrained\">\n<div class=\"wp-block-columns are-vertically-aligned-center is-layout-flex wp-container-core-columns-is-layout-28f84493 wp-block-columns-is-layout-flex\">\n<div class=\"wp-block-column is-layout-flow wp-block-column-is-layout-flow\"><\/div>\n\n\n\n<div class=\"wp-block-column is-vertically-aligned-center is-layout-flow wp-block-column-is-layout-flow\">\n<iframe loading=\"lazy\" src=\"https:\/\/www.facebook.com\/plugins\/video.php?height=476&#038;href=https%3A%2F%2Fwww.facebook.com%2Freel%2F4227214277558581%2F&#038;show_text=true&#038;width=267&#038;t=0\" width=\"267\" height=\"591\" style=\"border:none;overflow:hidden\" scrolling=\"no\" frameborder=\"0\" allowfullscreen=\"true\" allow=\"autoplay; clipboard-write; encrypted-media; picture-in-picture; web-share\" allowFullScreen=\"true\"><\/iframe>\n<\/div>\n\n\n\n<div class=\"wp-block-column is-layout-flow wp-block-column-is-layout-flow\"><\/div>\n\n\n\n<div class=\"wp-block-column is-vertically-aligned-center is-layout-flow wp-block-column-is-layout-flow\">\n<p class=\"has-text-align-center\">Il est temps pour un nouveau d\u00e9part !\ud83c\udf31\u2600\ufe0f<\/p>\n\n\n\n<p class=\"has-text-align-center\">Le printemps arrive ! Le moment id\u00e9al pour laver votre voiture apr\u00e8s l\u2019hiver et v\u00e9rifier que tout est en ordre apr\u00e8s les mois froids. Planifiez votre entretien de printemps et roulez en toute l\u00e9g\u00e8ret\u00e9 dans la nouvelle saison.<\/p>\n\n\n\n<figure class=\"wp-block-image aligncenter size-medium\"><img data-recalc-dims=\"1\" loading=\"lazy\" decoding=\"async\" width=\"240\" height=\"300\" src=\"https:\/\/i0.wp.com\/www.automobilesdesardennes.be\/wp-content\/uploads\/2026\/03\/20-Maart-Lente-BCS-FR.png?resize=240%2C300&#038;ssl=1\" alt=\"\" class=\"wp-image-441\" srcset=\"https:\/\/i0.wp.com\/www.automobilesdesardennes.be\/wp-content\/uploads\/2026\/03\/20-Maart-Lente-BCS-FR.png?resize=240%2C300&amp;ssl=1 240w, https:\/\/i0.wp.com\/www.automobilesdesardennes.be\/wp-content\/uploads\/2026\/03\/20-Maart-Lente-BCS-FR.png?resize=819%2C1024&amp;ssl=1 819w, https:\/\/i0.wp.com\/www.automobilesdesardennes.be\/wp-content\/uploads\/2026\/03\/20-Maart-Lente-BCS-FR.png?resize=768%2C960&amp;ssl=1 768w, https:\/\/i0.wp.com\/www.automobilesdesardennes.be\/wp-content\/uploads\/2026\/03\/20-Maart-Lente-BCS-FR.png?w=1080&amp;ssl=1 1080w\" sizes=\"auto, (max-width: 240px) 100vw, 240px\" \/><\/figure>\n<\/div>\n\n\n\n<div class=\"wp-block-column is-layout-flow wp-block-column-is-layout-flow\"><\/div>\n<\/div>\n<\/div>\n\n\n\n<p><\/p>\n","protected":false},"excerpt":{"rendered":"<p>AUTOMOBILES DES ARDENNES \u2013 Votre sp\u00e9cialiste automobile \u00e0 Bi\u00e8vre depuis 1947 Depuis quatre g\u00e9n\u00e9rations, la [&hellip;]<\/p>\n","protected":false},"author":1,"featured_media":0,"parent":0,"menu_order":0,"comment_status":"closed","ping_status":"open","template":"","meta":{"footnotes":""},"class_list":["post-2","page","type-page","status-publish","hentry"],"jetpack_sharing_enabled":true,"_links":{"self":[{"href":"https:\/\/www.automobilesdesardennes.be\/index.php\/wp-json\/wp\/v2\/pages\/2","targetHints":{"allow":["GET"]}}],"collection":[{"href":"https:\/\/www.automobilesdesardennes.be\/index.php\/wp-json\/wp\/v2\/pages"}],"about":[{"href":"https:\/\/www.automobilesdesardennes.be\/index.php\/wp-json\/wp\/v2\/types\/page"}],"author":[{"embeddable":true,"href":"https:\/\/www.automobilesdesardennes.be\/index.php\/wp-json\/wp\/v2\/users\/1"}],"replies":[{"embeddable":true,"href":"https:\/\/www.automobilesdesardennes.be\/index.php\/wp-json\/wp\/v2\/comments?post=2"}],"version-history":[{"count":61,"href":"https:\/\/www.automobilesdesardennes.be\/index.php\/wp-json\/wp\/v2\/pages\/2\/revisions"}],"predecessor-version":[{"id":470,"href":"https:\/\/www.automobilesdesardennes.be\/index.php\/wp-json\/wp\/v2\/pages\/2\/revisions\/470"}],"wp:attachment":[{"href":"https:\/\/www.automobilesdesardennes.be\/index.php\/wp-json\/wp\/v2\/media?parent=2"}],"curies":[{"name":"wp","href":"https:\/\/api.w.org\/{rel}","templated":true}]}}